{"id":19,"date":"2017-08-11T13:02:20","date_gmt":"2017-08-11T13:02:20","guid":{"rendered":"https:\/\/atixscripts.info\/demo\/minimag\/?page_id=19"},"modified":"2017-08-11T13:02:20","modified_gmt":"2017-08-11T13:02:20","slug":"minimag-homepage-8","status":"publish","type":"page","link":"http:\/\/times.ejsarl.com\/index.php\/minimag-homepage-8\/","title":{"rendered":"Minimag Homepage 8"},"content":{"rendered":"<p>[vc_row][vc_column]\t\t<!-- Slider Section -->\r\n\t\t<div class=\"container-fluid no-left-padding no-right-padding slider-section slider-section6\">\r\n\t\t\t<div class=\"image-loader spinner-image\">\r\n\t\t\t\t<div class=\"spinner\">\r\n\t\t\t\t\t<div class=\"dot1\"><\/div>\r\n\t\t\t\t\t<div class=\"dot2\"><\/div>\r\n\t\t\t\t\t<div class=\"bounce1\"><\/div>\r\n\t\t\t\t\t<div class=\"bounce2\"><\/div>\r\n\t\t\t\t\t<div class=\"bounce3\"><\/div>\r\n\t\t\t\t<\/div>\r\n\t\t\t<\/div>\r\n\t\t\t<div class=\"slider-carousel slider-carousel-6 center\">\r\n\t\t\t\t\t\t\t\t\t<div class=\"item\">\r\n\t\t\t\t\t\t<div class=\"post-box\">\r\n\t\t\t\t\t\t\t<img width=\"526\" height=\"521\" src=\"http:\/\/times.ejsarl.com\/wp-content\/uploads\/2022\/02\/df.jpg\" class=\"attachment-minimag_700_600 size-minimag_700_600 wp-post-image\" alt=\"\" loading=\"lazy\" srcset=\"http:\/\/times.ejsarl.com\/wp-content\/uploads\/2022\/02\/df.jpg 526w, http:\/\/times.ejsarl.com\/wp-content\/uploads\/2022\/02\/df-300x297.jpg 300w, http:\/\/times.ejsarl.com\/wp-content\/uploads\/2022\/02\/df-150x150.jpg 150w\" sizes=\"(max-width: 526px) 100vw, 526px\" \/>\t\t\t\t\t\t\t<div class=\"entry-content\">\r\n\t\t\t\t\t\t\t\t\t\t\t\t\t\t\t\t\t\t<span class=\"post-category\">\r\n\t\t\t\t\t\t\t\t\t\t\t<a href=\"http:\/\/times.ejsarl.com\/index.php\/category\/culture\/\" rel=\"category tag\">culture<\/a>\t\t\t\t\t\t\t\t\t\t<\/span>\r\n\t\t\t\t\t\t\t\t\t\t\t\t\t\t\t\t\t\t<h3><a href=\"http:\/\/times.ejsarl.com\/index.php\/2022\/02\/22\/le-general-defao-est-mort-au-comeroun\/\" title=\"Le g\u00e9n\u00e9ral Defao est mort au comeroun\">Le g\u00e9n\u00e9ral Defao est mort au comeroun<\/a><\/h3>\r\n\t\t\t\t\t\t\t\t<a href=\"http:\/\/times.ejsarl.com\/index.php\/2022\/02\/22\/le-general-defao-est-mort-au-comeroun\/\" title=\"Read More\">\r\n\t\t\t\t\t\t\t\t\tRead More\t\t\t\t\t\t\t\t<\/a>\r\n\t\t\t\t\t\t\t<\/div>\r\n\t\t\t\t\t\t<\/div>\r\n\t\t\t\t\t<\/div>\r\n\t\t\t\t\t\t\t\t\t\t<div class=\"item\">\r\n\t\t\t\t\t\t<div class=\"post-box\">\r\n\t\t\t\t\t\t\t<img width=\"593\" height=\"395\" src=\"http:\/\/times.ejsarl.com\/wp-content\/uploads\/2022\/02\/p1.jpg\" class=\"attachment-minimag_700_600 size-minimag_700_600 wp-post-image\" alt=\"\" loading=\"lazy\" srcset=\"http:\/\/times.ejsarl.com\/wp-content\/uploads\/2022\/02\/p1.jpg 593w, http:\/\/times.ejsarl.com\/wp-content\/uploads\/2022\/02\/p1-300x200.jpg 300w, http:\/\/times.ejsarl.com\/wp-content\/uploads\/2022\/02\/p1-345x230.jpg 345w, http:\/\/times.ejsarl.com\/wp-content\/uploads\/2022\/02\/p1-370x247.jpg 370w, http:\/\/times.ejsarl.com\/wp-content\/uploads\/2022\/02\/p1-440x294.jpg 440w, http:\/\/times.ejsarl.com\/wp-content\/uploads\/2022\/02\/p1-570x380.jpg 570w, http:\/\/times.ejsarl.com\/wp-content\/uploads\/2022\/02\/p1-170x113.jpg 170w\" sizes=\"(max-width: 593px) 100vw, 593px\" \/>\t\t\t\t\t\t\t<div class=\"entry-content\">\r\n\t\t\t\t\t\t\t\t\t\t\t\t\t\t\t\t\t\t<span class=\"post-category\">\r\n\t\t\t\t\t\t\t\t\t\t\t<a href=\"http:\/\/times.ejsarl.com\/index.php\/category\/politique\/\" rel=\"category tag\">politique<\/a>\t\t\t\t\t\t\t\t\t\t<\/span>\r\n\t\t\t\t\t\t\t\t\t\t\t\t\t\t\t\t\t\t<h3><a href=\"http:\/\/times.ejsarl.com\/index.php\/2022\/02\/22\/consultation-nationale-de-la-jeunesse-le-senateur-reagan-ilanga-salue-les-travaux\/\" title=\"Consultation nationale de la jeunesse : le S\u00e9nateur Reagan Ilanga salue les travaux\">Consultation nationale de la jeunesse : le S\u00e9nateur Reagan Ilanga salue les travaux<\/a><\/h3>\r\n\t\t\t\t\t\t\t\t<a href=\"http:\/\/times.ejsarl.com\/index.php\/2022\/02\/22\/consultation-nationale-de-la-jeunesse-le-senateur-reagan-ilanga-salue-les-travaux\/\" title=\"Read More\">\r\n\t\t\t\t\t\t\t\t\tRead More\t\t\t\t\t\t\t\t<\/a>\r\n\t\t\t\t\t\t\t<\/div>\r\n\t\t\t\t\t\t<\/div>\r\n\t\t\t\t\t<\/div>\r\n\t\t\t\t\t\t\t\t\t\t<div class=\"item\">\r\n\t\t\t\t\t\t<div class=\"post-box\">\r\n\t\t\t\t\t\t\t<img width=\"600\" height=\"450\" src=\"http:\/\/times.ejsarl.com\/wp-content\/uploads\/2022\/02\/01.jpg\" class=\"attachment-minimag_700_600 size-minimag_700_600 wp-post-image\" alt=\"\" loading=\"lazy\" srcset=\"http:\/\/times.ejsarl.com\/wp-content\/uploads\/2022\/02\/01.jpg 600w, http:\/\/times.ejsarl.com\/wp-content\/uploads\/2022\/02\/01-300x225.jpg 300w, http:\/\/times.ejsarl.com\/wp-content\/uploads\/2022\/02\/01-501x375.jpg 501w\" sizes=\"(max-width: 600px) 100vw, 600px\" \/>\t\t\t\t\t\t\t<div class=\"entry-content\">\r\n\t\t\t\t\t\t\t\t\t\t\t\t\t\t\t\t\t\t<span class=\"post-category\">\r\n\t\t\t\t\t\t\t\t\t\t\t<a href=\"http:\/\/times.ejsarl.com\/index.php\/category\/politique\/\" rel=\"category tag\">politique<\/a>\t\t\t\t\t\t\t\t\t\t<\/span>\r\n\t\t\t\t\t\t\t\t\t\t\t\t\t\t\t\t\t\t<h3><a href=\"http:\/\/times.ejsarl.com\/index.php\/2022\/02\/22\/bahati-lukwebo-le-grand-equateur-accuse-un-grand-retard-de-developpement\/\" title=\"Bahati Lukwebo : \u00ab\u00a0le Grand \u00c9quateur accuse un grand retard de d\u00e9veloppement\u00a0\u00bb\">Bahati Lukwebo : \u00ab\u00a0le Grand \u00c9quateur accuse un grand retard de d\u00e9veloppement\u00a0\u00bb<\/a><\/h3>\r\n\t\t\t\t\t\t\t\t<a href=\"http:\/\/times.ejsarl.com\/index.php\/2022\/02\/22\/bahati-lukwebo-le-grand-equateur-accuse-un-grand-retard-de-developpement\/\" title=\"Read More\">\r\n\t\t\t\t\t\t\t\t\tRead More\t\t\t\t\t\t\t\t<\/a>\r\n\t\t\t\t\t\t\t<\/div>\r\n\t\t\t\t\t\t<\/div>\r\n\t\t\t\t\t<\/div>\r\n\t\t\t\t\t\t\t\t\t\t<div class=\"item\">\r\n\t\t\t\t\t\t<div class=\"post-box\">\r\n\t\t\t\t\t\t\t<img width=\"480\" height=\"320\" src=\"http:\/\/times.ejsarl.com\/wp-content\/uploads\/2022\/02\/bus.jpg\" class=\"attachment-minimag_700_600 size-minimag_700_600 wp-post-image\" alt=\"\" loading=\"lazy\" srcset=\"http:\/\/times.ejsarl.com\/wp-content\/uploads\/2022\/02\/bus.jpg 480w, http:\/\/times.ejsarl.com\/wp-content\/uploads\/2022\/02\/bus-300x200.jpg 300w, http:\/\/times.ejsarl.com\/wp-content\/uploads\/2022\/02\/bus-345x230.jpg 345w, http:\/\/times.ejsarl.com\/wp-content\/uploads\/2022\/02\/bus-370x247.jpg 370w, http:\/\/times.ejsarl.com\/wp-content\/uploads\/2022\/02\/bus-440x294.jpg 440w, http:\/\/times.ejsarl.com\/wp-content\/uploads\/2022\/02\/bus-170x113.jpg 170w\" sizes=\"(max-width: 480px) 100vw, 480px\" \/>\t\t\t\t\t\t\t<div class=\"entry-content\">\r\n\t\t\t\t\t\t\t\t\t\t\t\t\t\t\t\t\t\t<span class=\"post-category\">\r\n\t\t\t\t\t\t\t\t\t\t\t<a href=\"http:\/\/times.ejsarl.com\/index.php\/category\/societe\/\" rel=\"category tag\">soci\u00e9t\u00e9<\/a>\t\t\t\t\t\t\t\t\t\t<\/span>\r\n\t\t\t\t\t\t\t\t\t\t\t\t\t\t\t\t\t\t<h3><a href=\"http:\/\/times.ejsarl.com\/index.php\/2022\/02\/22\/trans-academia-apres-wifi-gratuit-felix-tshisekedi-honore-les-etudiants-avec-100-bus\/\" title=\"Trans-Academia: apr\u00e8s wifi gratuit, F\u00e9lix Tshisekedi honore les \u00e9tudiants avec 100 bus\">Trans-Academia: apr\u00e8s wifi gratuit, F\u00e9lix Tshisekedi honore les \u00e9tudiants avec 100 bus<\/a><\/h3>\r\n\t\t\t\t\t\t\t\t<a href=\"http:\/\/times.ejsarl.com\/index.php\/2022\/02\/22\/trans-academia-apres-wifi-gratuit-felix-tshisekedi-honore-les-etudiants-avec-100-bus\/\" title=\"Read More\">\r\n\t\t\t\t\t\t\t\t\tRead More\t\t\t\t\t\t\t\t<\/a>\r\n\t\t\t\t\t\t\t<\/div>\r\n\t\t\t\t\t\t<\/div>\r\n\t\t\t\t\t<\/div>\r\n\t\t\t\t\t\t\t\t\t\t<div class=\"item\">\r\n\t\t\t\t\t\t<div class=\"post-box\">\r\n\t\t\t\t\t\t\t<img width=\"621\" height=\"494\" src=\"http:\/\/times.ejsarl.com\/wp-content\/uploads\/2022\/02\/ab.jpg\" class=\"attachment-minimag_700_600 size-minimag_700_600 wp-post-image\" alt=\"\" loading=\"lazy\" srcset=\"http:\/\/times.ejsarl.com\/wp-content\/uploads\/2022\/02\/ab.jpg 621w, http:\/\/times.ejsarl.com\/wp-content\/uploads\/2022\/02\/ab-300x239.jpg 300w, http:\/\/times.ejsarl.com\/wp-content\/uploads\/2022\/02\/ab-100x80.jpg 100w\" sizes=\"(max-width: 621px) 100vw, 621px\" \/>\t\t\t\t\t\t\t<div class=\"entry-content\">\r\n\t\t\t\t\t\t\t\t\t\t\t\t\t\t\t\t\t\t<span class=\"post-category\">\r\n\t\t\t\t\t\t\t\t\t\t\t<a href=\"http:\/\/times.ejsarl.com\/index.php\/category\/politique\/\" rel=\"category tag\">politique<\/a>\t\t\t\t\t\t\t\t\t\t<\/span>\r\n\t\t\t\t\t\t\t\t\t\t\t\t\t\t\t\t\t\t<h3><a href=\"http:\/\/times.ejsarl.com\/index.php\/2022\/02\/22\/mboka-esi-ekufa-ambongo-tacle-felix-tshisekedi\/\" title=\"Mboka esi Ekufa : Ambongo tacle F\u00e9lix Tshisekedi\">Mboka esi Ekufa : Ambongo tacle F\u00e9lix Tshisekedi<\/a><\/h3>\r\n\t\t\t\t\t\t\t\t<a href=\"http:\/\/times.ejsarl.com\/index.php\/2022\/02\/22\/mboka-esi-ekufa-ambongo-tacle-felix-tshisekedi\/\" title=\"Read More\">\r\n\t\t\t\t\t\t\t\t\tRead More\t\t\t\t\t\t\t\t<\/a>\r\n\t\t\t\t\t\t\t<\/div>\r\n\t\t\t\t\t\t<\/div>\r\n\t\t\t\t\t<\/div>\r\n\t\t\t\t\t\t\t\t<\/div>\r\n\t\t<\/div><!-- Slider Section \/- -->\r\n\t\t[\/vc_column][\/vc_row][vc_row spadding=\u00a0\u00bbspaddingtop\u00a0\u00bb][vc_column]\t\t<!-- Page Content -->\r\n\t\t<div class=\"container-fluid no-left-padding no-right-padding blog-one-col-no-sidebar\">\r\n\t\t\t<!-- Container -->\r\n\t\t\t<div class=\"container\">\r\n\t\t\t\t<div class=\"row justify-content-md-center\">\r\n\t\t\t\t\t<!-- Content Area -->\r\n\t\t\t\t\t<div class=\"col-lg-10 col-md-6 content-area\">\r\n\t\t\t\t\t\t<!-- Row -->\r\n\t\t\t\t\t\t<div class=\"row\">\r\n\t\t\t\t\t\t\t\t\t\t\t\t\t\t\t\t<div class=\"col-lg-12 col-md-12 col-sm-12\">\r\n\t\t\t\t\t\t\t\t\t\t<div class=\"blog-onecolumn post-1194 post type-post status-publish format-standard has-post-thumbnail hentry category-culture\">\r\n\t\t\t\t\t\t\t\t\t\t\t\t\t\t\t\t\t\t\t\t\t\t\t\t<div class=\"entry-cover\">\r\n\t\t\t\t\t\t\t\t\t\t\t\t\t\t<div class=\"post-meta\">\r\n\t\t\t\t\t\t\t\t\t\t\t\t\t\t\t<span class=\"byline\">by\t\t\t\t\t\t\t\t\t\t\t\t\t\t\t\t<a href=\"http:\/\/times.ejsarl.com\/index.php\/author\/tj12e33tu1\/\" title=\"Tj12e33TU1\">Tj12e33TU1<\/a>\r\n\t\t\t\t\t\t\t\t\t\t\t\t\t\t\t<\/span>\r\n\t\t\t\t\t\t\t\t\t\t\t\t\t\t\t<span class=\"post-date\">\r\n\t\t\t\t\t\t\t\t\t\t\t\t\t\t\t\t<a href=\"http:\/\/times.ejsarl.com\/index.php\/2022\/02\/22\/le-general-defao-est-mort-au-comeroun\/\">f\u00e9vrier 22, 2022<\/a>\r\n\t\t\t\t\t\t\t\t\t\t\t\t\t\t\t<\/span>\r\n\t\t\t\t\t\t\t\t\t\t\t\t\t\t<\/div>\r\n\t\t\t\t\t\t\t\t\t\t\t\t\t\t<a href=\"http:\/\/times.ejsarl.com\/index.php\/2022\/02\/22\/le-general-defao-est-mort-au-comeroun\/\">\r\n\t\t\t\t\t\t\t\t\t\t\t\t\t\t\t<img width=\"526\" height=\"521\" src=\"http:\/\/times.ejsarl.com\/wp-content\/uploads\/2022\/02\/df.jpg\" class=\"attachment-minimag_910_550 size-minimag_910_550 wp-post-image\" alt=\"\" loading=\"lazy\" srcset=\"http:\/\/times.ejsarl.com\/wp-content\/uploads\/2022\/02\/df.jpg 526w, http:\/\/times.ejsarl.com\/wp-content\/uploads\/2022\/02\/df-300x297.jpg 300w, http:\/\/times.ejsarl.com\/wp-content\/uploads\/2022\/02\/df-150x150.jpg 150w\" sizes=\"(max-width: 526px) 100vw, 526px\" \/>\t\t\t\t\t\t\t\t\t\t\t\t\t\t<\/a>\r\n\t\t\t\t\t\t\t\t\t\t\t\t\t<\/div>\r\n\t\t\t\t\t\t\t\t\t\t\t\t\t\t\t\t\t\t\t\t\t\t\t\t<div class=\"entry-content\">\r\n\t\t\t\t\t\t\t\t\t\t\t\t<div class=\"entry-header\">\t\r\n\t\t\t\t\t\t\t\t\t\t\t\t\t\t\t\t\t\t\t\t\t\t\t\t\t\t\t<span class=\"post-category\">\r\n\t\t\t\t\t\t\t\t\t\t\t\t\t\t\t<a href=\"http:\/\/times.ejsarl.com\/index.php\/category\/culture\/\" rel=\"category tag\">culture<\/a>\t\t\t\t\t\t\t\t\t\t\t\t\t\t<\/span>\r\n\t\t\t\t\t\t\t\t\t\t\t\t\t\t\t\t\t\t\t\t\t\t\t\t\t\t\t<h3 class=\"entry-title\">\r\n\t\t\t\t\t\t\t\t\t\t\t\t\t\t<a href=\"http:\/\/times.ejsarl.com\/index.php\/2022\/02\/22\/le-general-defao-est-mort-au-comeroun\/\" title=\"Le g\u00e9n\u00e9ral Defao est mort au comeroun\">Le g\u00e9n\u00e9ral Defao est mort au comeroun<\/a>\r\n\t\t\t\t\t\t\t\t\t\t\t\t\t<\/h3>\r\n\t\t\t\t\t\t\t\t\t\t\t\t<\/div>\t\t\t\t\t\t\t\t\r\n\t\t\t\t\t\t\t\t\t\t\t\t<p>Plusieurs sources dont le musicien Fabregas, ont confirm\u00e9 le d\u00e9c\u00e8s de Fran\u00e7ois Lulendo Matumona, connu sous le nom du G\u00e9n\u00e9ral Defao, ce lundi 27 d\u00e9cembre 2021 \u00e0 Daoula au Cameroun.\n\n\n\nChanteur, auteur-compositeur, congolais, Defao est mort \u00e0 l'\u00e2ge de 63 ans au Cameroun, alors qu'il s'y est rendu pour se produire \u00e0 un concert priv\u00e9 d'apr\u00e8s plusieurs sources.Defao \u00e9tait une des \"icones\" de la rumba congolaise, et un idole pour les jeunes musiciens congolais qui ne cessent de s'inspirer de ses ...<\/p>\r\n\t\t\t\t\t\t\t\t\t\t\t\t<a href=\"http:\/\/times.ejsarl.com\/index.php\/2022\/02\/22\/le-general-defao-est-mort-au-comeroun\/\" title=\"Read More\">\r\n\t\t\t\t\t\t\t\t\t\t\t\t\tRead More\t\t\t\t\t\t\t\t\t\t\t\t<\/a>\r\n\t\t\t\t\t\t\t\t\t\t\t<\/div>\r\n\t\t\t\t\t\t\t\t\t\t<\/div>\r\n\t\t\t\t\t\t\t\t\t<\/div>\r\n\t\t\t\t\t\t\t\t\t\t\t\t\t\t\t\t\t\t<div class=\"col-lg-12 col-md-12 col-sm-12\">\r\n\t\t\t\t\t\t\t\t\t\t<div class=\"blog-onecolumn post-1189 post type-post status-publish format-standard has-post-thumbnail hentry category-politique\">\r\n\t\t\t\t\t\t\t\t\t\t\t\t\t\t\t\t\t\t\t\t\t\t\t\t<div class=\"entry-cover\">\r\n\t\t\t\t\t\t\t\t\t\t\t\t\t\t<div class=\"post-meta\">\r\n\t\t\t\t\t\t\t\t\t\t\t\t\t\t\t<span class=\"byline\">by\t\t\t\t\t\t\t\t\t\t\t\t\t\t\t\t<a href=\"http:\/\/times.ejsarl.com\/index.php\/author\/tj12e33tu1\/\" title=\"Tj12e33TU1\">Tj12e33TU1<\/a>\r\n\t\t\t\t\t\t\t\t\t\t\t\t\t\t\t<\/span>\r\n\t\t\t\t\t\t\t\t\t\t\t\t\t\t\t<span class=\"post-date\">\r\n\t\t\t\t\t\t\t\t\t\t\t\t\t\t\t\t<a href=\"http:\/\/times.ejsarl.com\/index.php\/2022\/02\/22\/consultation-nationale-de-la-jeunesse-le-senateur-reagan-ilanga-salue-les-travaux\/\">f\u00e9vrier 22, 2022<\/a>\r\n\t\t\t\t\t\t\t\t\t\t\t\t\t\t\t<\/span>\r\n\t\t\t\t\t\t\t\t\t\t\t\t\t\t<\/div>\r\n\t\t\t\t\t\t\t\t\t\t\t\t\t\t<a href=\"http:\/\/times.ejsarl.com\/index.php\/2022\/02\/22\/consultation-nationale-de-la-jeunesse-le-senateur-reagan-ilanga-salue-les-travaux\/\">\r\n\t\t\t\t\t\t\t\t\t\t\t\t\t\t\t<img width=\"593\" height=\"395\" src=\"http:\/\/times.ejsarl.com\/wp-content\/uploads\/2022\/02\/p1.jpg\" class=\"attachment-minimag_910_550 size-minimag_910_550 wp-post-image\" alt=\"\" loading=\"lazy\" srcset=\"http:\/\/times.ejsarl.com\/wp-content\/uploads\/2022\/02\/p1.jpg 593w, http:\/\/times.ejsarl.com\/wp-content\/uploads\/2022\/02\/p1-300x200.jpg 300w, http:\/\/times.ejsarl.com\/wp-content\/uploads\/2022\/02\/p1-345x230.jpg 345w, http:\/\/times.ejsarl.com\/wp-content\/uploads\/2022\/02\/p1-370x247.jpg 370w, http:\/\/times.ejsarl.com\/wp-content\/uploads\/2022\/02\/p1-440x294.jpg 440w, http:\/\/times.ejsarl.com\/wp-content\/uploads\/2022\/02\/p1-570x380.jpg 570w, http:\/\/times.ejsarl.com\/wp-content\/uploads\/2022\/02\/p1-170x113.jpg 170w\" sizes=\"(max-width: 593px) 100vw, 593px\" \/>\t\t\t\t\t\t\t\t\t\t\t\t\t\t<\/a>\r\n\t\t\t\t\t\t\t\t\t\t\t\t\t<\/div>\r\n\t\t\t\t\t\t\t\t\t\t\t\t\t\t\t\t\t\t\t\t\t\t\t\t<div class=\"entry-content\">\r\n\t\t\t\t\t\t\t\t\t\t\t\t<div class=\"entry-header\">\t\r\n\t\t\t\t\t\t\t\t\t\t\t\t\t\t\t\t\t\t\t\t\t\t\t\t\t\t\t<span class=\"post-category\">\r\n\t\t\t\t\t\t\t\t\t\t\t\t\t\t\t<a href=\"http:\/\/times.ejsarl.com\/index.php\/category\/politique\/\" rel=\"category tag\">politique<\/a>\t\t\t\t\t\t\t\t\t\t\t\t\t\t<\/span>\r\n\t\t\t\t\t\t\t\t\t\t\t\t\t\t\t\t\t\t\t\t\t\t\t\t\t\t\t<h3 class=\"entry-title\">\r\n\t\t\t\t\t\t\t\t\t\t\t\t\t\t<a href=\"http:\/\/times.ejsarl.com\/index.php\/2022\/02\/22\/consultation-nationale-de-la-jeunesse-le-senateur-reagan-ilanga-salue-les-travaux\/\" title=\"Consultation nationale de la jeunesse : le S\u00e9nateur Reagan Ilanga salue les travaux\">Consultation nationale de la jeunesse : le S\u00e9nateur Reagan Ilanga salue les travaux<\/a>\r\n\t\t\t\t\t\t\t\t\t\t\t\t\t<\/h3>\r\n\t\t\t\t\t\t\t\t\t\t\t\t<\/div>\t\t\t\t\t\t\t\t\r\n\t\t\t\t\t\t\t\t\t\t\t\t<p>Le s\u00e9nateur Reagan Ilanga Bakonga, a pris part, lundi 27 d\u00e9cembre dans la salle de spectacle au palais du peuple \u00e0 la c\u00e9r\u00e9monied'ouverture des travaux sur les consultations nationales de la jeunesse congolaise.\n\n\n\nSelon le Conseil national de la jeunesse (CNJ), ces travaux, qui prendront au total 20 jours, vont consister \u00e0 r\u00e9unir les d\u00e9sid\u00e9ratas des jeunes congolais pour constituer un cahier de charges commun.Prenant la parole \u00e0 cette occasion, le s\u00e9nateur Reagan Ilanga Bakonga s'est dit satisfait de participer \u00e0 ...<\/p>\r\n\t\t\t\t\t\t\t\t\t\t\t\t<a href=\"http:\/\/times.ejsarl.com\/index.php\/2022\/02\/22\/consultation-nationale-de-la-jeunesse-le-senateur-reagan-ilanga-salue-les-travaux\/\" title=\"Read More\">\r\n\t\t\t\t\t\t\t\t\t\t\t\t\tRead More\t\t\t\t\t\t\t\t\t\t\t\t<\/a>\r\n\t\t\t\t\t\t\t\t\t\t\t<\/div>\r\n\t\t\t\t\t\t\t\t\t\t<\/div>\r\n\t\t\t\t\t\t\t\t\t<\/div>\r\n\t\t\t\t\t\t\t\t\t\t\t\t\t\t\t\t\t\t<div class=\"col-lg-12 col-md-12 col-sm-12\">\r\n\t\t\t\t\t\t\t\t\t\t<div class=\"blog-onecolumn post-1184 post type-post status-publish format-standard has-post-thumbnail hentry category-politique\">\r\n\t\t\t\t\t\t\t\t\t\t\t\t\t\t\t\t\t\t\t\t\t\t\t\t<div class=\"entry-cover\">\r\n\t\t\t\t\t\t\t\t\t\t\t\t\t\t<div class=\"post-meta\">\r\n\t\t\t\t\t\t\t\t\t\t\t\t\t\t\t<span class=\"byline\">by\t\t\t\t\t\t\t\t\t\t\t\t\t\t\t\t<a href=\"http:\/\/times.ejsarl.com\/index.php\/author\/tj12e33tu1\/\" title=\"Tj12e33TU1\">Tj12e33TU1<\/a>\r\n\t\t\t\t\t\t\t\t\t\t\t\t\t\t\t<\/span>\r\n\t\t\t\t\t\t\t\t\t\t\t\t\t\t\t<span class=\"post-date\">\r\n\t\t\t\t\t\t\t\t\t\t\t\t\t\t\t\t<a href=\"http:\/\/times.ejsarl.com\/index.php\/2022\/02\/22\/bahati-lukwebo-le-grand-equateur-accuse-un-grand-retard-de-developpement\/\">f\u00e9vrier 22, 2022<\/a>\r\n\t\t\t\t\t\t\t\t\t\t\t\t\t\t\t<\/span>\r\n\t\t\t\t\t\t\t\t\t\t\t\t\t\t<\/div>\r\n\t\t\t\t\t\t\t\t\t\t\t\t\t\t<a href=\"http:\/\/times.ejsarl.com\/index.php\/2022\/02\/22\/bahati-lukwebo-le-grand-equateur-accuse-un-grand-retard-de-developpement\/\">\r\n\t\t\t\t\t\t\t\t\t\t\t\t\t\t\t<img width=\"600\" height=\"450\" src=\"http:\/\/times.ejsarl.com\/wp-content\/uploads\/2022\/02\/01.jpg\" class=\"attachment-minimag_910_550 size-minimag_910_550 wp-post-image\" alt=\"\" loading=\"lazy\" srcset=\"http:\/\/times.ejsarl.com\/wp-content\/uploads\/2022\/02\/01.jpg 600w, http:\/\/times.ejsarl.com\/wp-content\/uploads\/2022\/02\/01-300x225.jpg 300w, http:\/\/times.ejsarl.com\/wp-content\/uploads\/2022\/02\/01-501x375.jpg 501w\" sizes=\"(max-width: 600px) 100vw, 600px\" \/>\t\t\t\t\t\t\t\t\t\t\t\t\t\t<\/a>\r\n\t\t\t\t\t\t\t\t\t\t\t\t\t<\/div>\r\n\t\t\t\t\t\t\t\t\t\t\t\t\t\t\t\t\t\t\t\t\t\t\t\t<div class=\"entry-content\">\r\n\t\t\t\t\t\t\t\t\t\t\t\t<div class=\"entry-header\">\t\r\n\t\t\t\t\t\t\t\t\t\t\t\t\t\t\t\t\t\t\t\t\t\t\t\t\t\t\t<span class=\"post-category\">\r\n\t\t\t\t\t\t\t\t\t\t\t\t\t\t\t<a href=\"http:\/\/times.ejsarl.com\/index.php\/category\/politique\/\" rel=\"category tag\">politique<\/a>\t\t\t\t\t\t\t\t\t\t\t\t\t\t<\/span>\r\n\t\t\t\t\t\t\t\t\t\t\t\t\t\t\t\t\t\t\t\t\t\t\t\t\t\t\t<h3 class=\"entry-title\">\r\n\t\t\t\t\t\t\t\t\t\t\t\t\t\t<a href=\"http:\/\/times.ejsarl.com\/index.php\/2022\/02\/22\/bahati-lukwebo-le-grand-equateur-accuse-un-grand-retard-de-developpement\/\" title=\"Bahati Lukwebo : \u00ab\u00a0le Grand \u00c9quateur accuse un grand retard de d\u00e9veloppement\u00a0\u00bb\">Bahati Lukwebo : \u00ab\u00a0le Grand \u00c9quateur accuse un grand retard de d\u00e9veloppement\u00a0\u00bb<\/a>\r\n\t\t\t\t\t\t\t\t\t\t\t\t\t<\/h3>\r\n\t\t\t\t\t\t\t\t\t\t\t\t<\/div>\t\t\t\t\t\t\t\t\r\n\t\t\t\t\t\t\t\t\t\t\t\t<p>Au sein de l'Alliance des Forces D\u00e9mocratiques du Congo et Alli\u00e9s (AFDC-A), une structure d\u00e9nomm\u00e9e \"Caucus espace AFDC-A Grand \u00c9quateur\", a vu le jour \u00e0 Kinshasa. Sa sortie officielle est intervenue le 30 d\u00e9cembre 2021, en pr\u00e9sence du pr\u00e9sident du S\u00e9nat Modeste Bahati Lukwebo et le Vice-ministre des Transports voies de communication et de d\u00e9senclavement, Marck Ekila Likombo \u00e9galement notable de cet espace g\u00e9ographique.\n\n\n\nUne organisation qui a notamment vocation de redynamiser les activit\u00e9s du regroupement dans cette partie du territoire ...<\/p>\r\n\t\t\t\t\t\t\t\t\t\t\t\t<a href=\"http:\/\/times.ejsarl.com\/index.php\/2022\/02\/22\/bahati-lukwebo-le-grand-equateur-accuse-un-grand-retard-de-developpement\/\" title=\"Read More\">\r\n\t\t\t\t\t\t\t\t\t\t\t\t\tRead More\t\t\t\t\t\t\t\t\t\t\t\t<\/a>\r\n\t\t\t\t\t\t\t\t\t\t\t<\/div>\r\n\t\t\t\t\t\t\t\t\t\t<\/div>\r\n\t\t\t\t\t\t\t\t\t<\/div>\r\n\t\t\t\t\t\t\t\t\t<\/div><!-- Row \/- -->\n\t<nav class=\"navigation pagination\" aria-label=\"Publications\">\n\t\t<h2 class=\"screen-reader-text\">Navigation des articles<\/h2>\n\t\t<div class=\"nav-links\"><span aria-current=\"page\" class=\"page-numbers current\"><span class=\"meta-nav screen-reader-text\">Page <\/span>1<\/span>\n<a class=\"page-numbers\" href=\"http:\/\/times.ejsarl.com\/index.php\/wp-json\/wp\/v2\/pages\/19\/page\/2\/\"><span class=\"meta-nav screen-reader-text\">Page <\/span>2<\/a>\n<span class=\"page-numbers dots\">\u2026<\/span>\n<a class=\"page-numbers\" href=\"http:\/\/times.ejsarl.com\/index.php\/wp-json\/wp\/v2\/pages\/19\/page\/5\/\"><span class=\"meta-nav screen-reader-text\">Page <\/span>5<\/a>\n<a class=\"next page-numbers\" href=\"http:\/\/times.ejsarl.com\/index.php\/wp-json\/wp\/v2\/pages\/19\/page\/2\/\">Next<\/a><\/div>\n\t<\/nav>\t\t\t\t\t<\/div><!-- Content Area \/- -->\r\n\t\t\t\t<\/div>\r\n\t\t\t<\/div><!-- Container \/- -->\r\n\t\t<\/div><!-- Page Content \/- -->\r\n\t\t[\/vc_column][\/vc_row]<\/p>\n","protected":false},"excerpt":{"rendered":"<p>[vc_row][vc_column][\/vc_column][\/vc_row][vc_row spadding=\u00a0\u00bbspaddingtop\u00a0\u00bb][vc_column][\/vc_column][\/vc_row]<\/p>\n","protected":false},"author":1,"featured_media":0,"parent":0,"menu_order":0,"comment_status":"closed","ping_status":"closed","template":"","meta":[],"_links":{"self":[{"href":"http:\/\/times.ejsarl.com\/index.php\/wp-json\/wp\/v2\/pages\/19"}],"collection":[{"href":"http:\/\/times.ejsarl.com\/index.php\/wp-json\/wp\/v2\/pages"}],"about":[{"href":"http:\/\/times.ejsarl.com\/index.php\/wp-json\/wp\/v2\/types\/page"}],"author":[{"embeddable":true,"href":"http:\/\/times.ejsarl.com\/index.php\/wp-json\/wp\/v2\/users\/1"}],"replies":[{"embeddable":true,"href":"http:\/\/times.ejsarl.com\/index.php\/wp-json\/wp\/v2\/comments?post=19"}],"version-history":[{"count":0,"href":"http:\/\/times.ejsarl.com\/index.php\/wp-json\/wp\/v2\/pages\/19\/revisions"}],"wp:attachment":[{"href":"http:\/\/times.ejsarl.com\/index.php\/wp-json\/wp\/v2\/media?parent=19"}],"curies":[{"name":"wp","href":"https:\/\/api.w.org\/{rel}","templated":true}]}}